{"id":1334,"date":"2023-01-03T17:26:33","date_gmt":"2023-01-03T16:26:33","guid":{"rendered":"http:\/\/autoecoledorian.fr\/?page_id=1334"},"modified":"2023-07-25T10:13:49","modified_gmt":"2023-07-25T08:13:49","slug":"formations-vehicules-electriques","status":"publish","type":"page","link":"https:\/\/autoecoledorian.fr\/index.php\/formations-vehicules-electriques\/","title":{"rendered":"Formations V\u00e9hicules Electriques"},"content":{"rendered":"\n<figure class=\"wp-block-gallery has-nested-images columns-default is-cropped wp-block-gallery-1 is-layout-flex wp-block-gallery-is-layout-flex\">\n<figure class=\"wp-block-image size-full\"><img loading=\"lazy\" decoding=\"async\" width=\"1080\" height=\"1080\" data-id=\"1335\" src=\"http:\/\/autoecoledorian.fr\/wp-content\/uploads\/2023\/01\/Dual-motor.png\" alt=\"\" class=\"wp-image-1335\" srcset=\"https:\/\/autoecoledorian.fr\/wp-content\/uploads\/2023\/01\/Dual-motor.png 1080w, https:\/\/autoecoledorian.fr\/wp-content\/uploads\/2023\/01\/Dual-motor-300x300.png 300w, https:\/\/autoecoledorian.fr\/wp-content\/uploads\/2023\/01\/Dual-motor-100x100.png 100w, https:\/\/autoecoledorian.fr\/wp-content\/uploads\/2023\/01\/Dual-motor-600x600.png 600w, https:\/\/autoecoledorian.fr\/wp-content\/uploads\/2023\/01\/Dual-motor-1024x1024.png 1024w, https:\/\/autoecoledorian.fr\/wp-content\/uploads\/2023\/01\/Dual-motor-150x150.png 150w, https:\/\/autoecoledorian.fr\/wp-content\/uploads\/2023\/01\/Dual-motor-768x768.png 768w, https:\/\/autoecoledorian.fr\/wp-content\/uploads\/2023\/01\/Dual-motor-270x270.png 270w\" sizes=\"auto, (max-width: 1080px) 100vw, 1080px\" \/><figcaption class=\"wp-element-caption\">Tesla Model Y Dual Motor AUTO-ECOLE (double-commande)<\/figcaption><\/figure>\n<\/figure>\n\n\n<p style=\"text-align: justify;\"><strong>Vous d\u00e9sirez investir dans une flotte de v\u00e9hicules \u00e9lectriques pour votre entreprise et vous souhaitez former vos collaborateurs \u00e0 leur usage ? Qu\u2019ils soient utilisateurs occasionnels ou r\u00e9guliers, vos \u00e9quipes ont besoin d\u2019accompagnement afin de lever les premiers freins \u00e0 l\u2019usage de tels v\u00e9hicules ou d\u2019en optimiser leur gestion au quotidien. <\/strong><\/p>\n<p style=\"text-align: justify;\"><strong>Les modules de formations que nous proposons vont vous guider dans votre d\u00e9marche \u00e9cologique pour le verdissement de votre flotte de v\u00e9hicules.<\/strong><\/p>\n<p><img loading=\"lazy\" decoding=\"async\" class=\"size-medium wp-image-1339 alignright\" src=\"http:\/\/autoecoledorian.fr\/wp-content\/uploads\/2023\/01\/Tesla-Model-Y-300x300.png\" alt=\"\" width=\"300\" height=\"300\" srcset=\"https:\/\/autoecoledorian.fr\/wp-content\/uploads\/2023\/01\/Tesla-Model-Y-300x300.png 300w, https:\/\/autoecoledorian.fr\/wp-content\/uploads\/2023\/01\/Tesla-Model-Y-100x100.png 100w, https:\/\/autoecoledorian.fr\/wp-content\/uploads\/2023\/01\/Tesla-Model-Y-600x600.png 600w, https:\/\/autoecoledorian.fr\/wp-content\/uploads\/2023\/01\/Tesla-Model-Y-1024x1024.png 1024w, https:\/\/autoecoledorian.fr\/wp-content\/uploads\/2023\/01\/Tesla-Model-Y-150x150.png 150w, https:\/\/autoecoledorian.fr\/wp-content\/uploads\/2023\/01\/Tesla-Model-Y-768x768.png 768w, https:\/\/autoecoledorian.fr\/wp-content\/uploads\/2023\/01\/Tesla-Model-Y-270x270.png 270w, https:\/\/autoecoledorian.fr\/wp-content\/uploads\/2023\/01\/Tesla-Model-Y.png 1080w\" sizes=\"auto, (max-width: 300px) 100vw, 300px\" \/><\/p>\n<h2><strong>Module 1 : Prise en Main <\/strong><strong>(Particuliers et Professionnels)<\/strong><\/h2>\n<p><strong>Objectif :<\/strong> Familiariser les utilisateurs avec l&rsquo;usage d&rsquo;un v\u00e9hicule \u00e9lectrique et l&rsquo;utilisation des bornes de recharge priv\u00e9 et public.<\/p>\n<p><strong>Formation th\u00e9orique&nbsp; : 45 mn par groupe de 3 personnes.<br><\/strong><\/p>\n<p><strong>Formation pratique : 1h15 de conduite par groupe au volant de notre Tesla MODEL Y Dual Motor.<br><\/strong>En groupe de 3 personnes.<\/p>\n<p><strong>Public :<\/strong> Particuliers, Collectivit\u00e9s territoriales, Administrations, Entreprises du secteur priv\u00e9 \u2026 qui souhaitent r\u00e9duire leurs consommations de carburant, leurs rejets polluants, et optimiser l\u2019usage des v\u00e9hicules electriques.<\/p>\n<p><strong>Devis sur demande : autoecoledorian@gmail.com &#8211; 02.38.98.71.72<\/strong><\/p>\n<p><\/p>\n<h2><strong>Module 2 : Eco-conduite et pr\u00e9vention du risque routier<\/strong><br><strong>V\u00e9hicules \u00e9lectriques (Professionnels)<\/strong><\/h2>\n<p><strong>Objectif :<\/strong> Utilisation optimale d&rsquo;un v\u00e9hicule \u00e9lectrique, am\u00e9liorer la s\u00e9curit\u00e9 du personnel, r\u00e9duire les co\u00fbts des d\u00e9placements, respecter la r\u00e8glementation.<\/p>\n<p><strong>Formation th\u00e9orique<\/strong> (dans vos locaux) : 2h par groupe de 10\/12 personnes maximum<\/p>\n<p><strong>Formation pratique :<\/strong> 1h de conduite par personne&nbsp;(3 stagiaires par v\u00e9hicule)<\/p>\n<p><strong>Public :&nbsp;<\/strong>Toute personne amen\u00e9e \u00e0 conduire un v\u00e9hicule \u00e9lectrique au quotidien dans le cadre de son activit\u00e9 professionnelle<\/p>\n<p>Collectivit\u00e9s territoriales, Administrations, Entreprises du secteur priv\u00e9 \u2026 qui souhaitent r\u00e9duire leurs consommations de carburant, leurs rejets polluants, et am\u00e9liorer la s\u00e9curit\u00e9 de leurs collaborateurs.<\/p>\n<p><strong>Devis sur demande : autoecoledorian@gmail.com &#8211; 02.38.98.71.72<\/strong><\/p>\n<h3><strong>Notre zone d&rsquo;intervention : Formations v\u00e9hicules \u00e9lectrique sur Montargis, Ch\u00e2lette-sur-Loing, Amilly, le d\u00e9partement du Loiret et limitrophe. Nous sommes \u00e9quip\u00e9 d&rsquo;une TESLA Model Y Auto-\u00e9cole (double-commande)<\/strong><\/h3>\n<p><\/p>\n<h3>Financement possible via les OPCO.<\/h3>\n<p><img loading=\"lazy\" decoding=\"async\" class=\"wp-image-1212 alignleft\" src=\"http:\/\/autoecoledorian.fr\/wp-content\/uploads\/2022\/08\/logo-qualiopi_0-1.png\" alt=\"\" width=\"208\" height=\"99\" srcset=\"https:\/\/autoecoledorian.fr\/wp-content\/uploads\/2022\/08\/logo-qualiopi_0-1.png 1760w, https:\/\/autoecoledorian.fr\/wp-content\/uploads\/2022\/08\/logo-qualiopi_0-1-600x286.png 600w, https:\/\/autoecoledorian.fr\/wp-content\/uploads\/2022\/08\/logo-qualiopi_0-1-300x143.png 300w, https:\/\/autoecoledorian.fr\/wp-content\/uploads\/2022\/08\/logo-qualiopi_0-1-1024x488.png 1024w, https:\/\/autoecoledorian.fr\/wp-content\/uploads\/2022\/08\/logo-qualiopi_0-1-768x366.png 768w, https:\/\/autoecoledorian.fr\/wp-content\/uploads\/2022\/08\/logo-qualiopi_0-1-1536x731.png 1536w, https:\/\/autoecoledorian.fr\/wp-content\/uploads\/2022\/08\/logo-qualiopi_0-1-567x270.png 567w\" sizes=\"auto, (max-width: 208px) 100vw, 208px\" \/><\/p>","protected":false},"excerpt":{"rendered":"<p>Vous d\u00e9sirez investir dans une flotte de v\u00e9hicules \u00e9lectriques pour votre entreprise et vous souhaitez former vos collaborateurs \u00e0 leur usage ? Qu\u2019ils soient utilisateurs occasionnels ou r\u00e9guliers, vos \u00e9quipes ont besoin d\u2019accompagnement afin de lever les premiers freins \u00e0 l\u2019usage de tels v\u00e9hicules ou d\u2019en optimiser leur gestion au quotidien. Les modules de formations que nous proposons vont vous guider dans votre d\u00e9marche \u00e9cologique pour le verdissement de votre flotte de v\u00e9hicules. Module 1 : Prise en Main (Particuliers&#8230;<\/p>\n<p class=\"read-more\"><a class=\"btn btn-default\" href=\"https:\/\/autoecoledorian.fr\/index.php\/formations-vehicules-electriques\/\">Lire la suite<span class=\"screen-reader-text\"> Lire la suite<\/span><\/a><\/p>\n","protected":false},"author":1,"featured_media":0,"parent":0,"menu_order":0,"comment_status":"closed","ping_status":"closed","template":"","meta":{"_acf_changed":false,"footnotes":""},"class_list":["post-1334","page","type-page","status-publish","hentry"],"acf":[],"jetpack_sharing_enabled":true,"_links":{"self":[{"href":"https:\/\/autoecoledorian.fr\/index.php\/wp-json\/wp\/v2\/pages\/1334","targetHints":{"allow":["GET"]}}],"collection":[{"href":"https:\/\/autoecoledorian.fr\/index.php\/wp-json\/wp\/v2\/pages"}],"about":[{"href":"https:\/\/autoecoledorian.fr\/index.php\/wp-json\/wp\/v2\/types\/page"}],"author":[{"embeddable":true,"href":"https:\/\/autoecoledorian.fr\/index.php\/wp-json\/wp\/v2\/users\/1"}],"replies":[{"embeddable":true,"href":"https:\/\/autoecoledorian.fr\/index.php\/wp-json\/wp\/v2\/comments?post=1334"}],"version-history":[{"count":8,"href":"https:\/\/autoecoledorian.fr\/index.php\/wp-json\/wp\/v2\/pages\/1334\/revisions"}],"predecessor-version":[{"id":1370,"href":"https:\/\/autoecoledorian.fr\/index.php\/wp-json\/wp\/v2\/pages\/1334\/revisions\/1370"}],"wp:attachment":[{"href":"https:\/\/autoecoledorian.fr\/index.php\/wp-json\/wp\/v2\/media?parent=1334"}],"curies":[{"name":"wp","href":"https:\/\/api.w.org\/{rel}","templated":true}]}}