{"id":2265,"date":"2024-07-15T14:34:12","date_gmt":"2024-07-15T12:34:12","guid":{"rendered":"https:\/\/autoecoledorian.fr\/?page_id=2265"},"modified":"2024-07-15T14:34:13","modified_gmt":"2024-07-15T12:34:13","slug":"plan-de-gestion-des-reclamations","status":"publish","type":"page","link":"https:\/\/autoecoledorian.fr\/index.php\/plan-de-gestion-des-reclamations\/","title":{"rendered":"Plan de gestion des r\u00e9clamations"},"content":{"rendered":"\n<p>En cas de r\u00e9clamation, nous renseignons notre registre\u2026<\/p>\n\n\n\n<h2 class=\"wp-block-heading\">R\u00e9ception d\u2019une r\u00e9clamation<\/h2>\n\n\n\n<p>Lorsque nous recevons une r\u00e9clamation, nous devons renseigner notre registre des r\u00e9clamations en pr\u00e9cisant : le nom du client, la date de r\u00e9ception de la r\u00e9clamation, l\u2019objet de la r\u00e9clamation, le contrat, produit ou service vis\u00e9 par la r\u00e9clamation, les intervenants autres que le professionnel, les personnes vis\u00e9es par la r\u00e9clamation.<\/p>\n\n\n\n<h2 class=\"wp-block-heading\">Accuser r\u00e9ception de la r\u00e9clamation<\/h2>\n\n\n\n<p>Nous disposons de 10 jours \u00e0 compter de la r\u00e9ception de la r\u00e9clamation pour en accuser r\u00e9ception au client ou y r\u00e9pondre imm\u00e9diatement.<\/p>\n\n\n\n<p>Nous devons mettre \u00e0 jour notre outil de suivi des r\u00e9clamations en indiquant la date \u00e0 laquelle nous avons accus\u00e9 r\u00e9ception de la r\u00e9clamation et veiller \u00e0 son traitement dans les d\u00e9lais impartis.<\/p>\n\n\n\n<h2 class=\"wp-block-heading\">R\u00e9pondre \u00e0 la r\u00e9clamation<\/h2>\n\n\n\n<p>Nous devons tenir le client inform\u00e9 du d\u00e9roulement du traitement de sa r\u00e9clamation et lui r\u00e9pondre dans un d\u00e9lai de 1 mois \u00e0 compter de la r\u00e9ception de la r\u00e9clamation.<\/p>\n\n\n\n<p>Si, dans notre r\u00e9ponse apport\u00e9e \u00e0 la r\u00e9clamation, nous rejetons totalement ou partiellement la demande du client, nous devons lui indiquer les voies de recours dont il dispose.<\/p>\n\n\n\n<p>La personne qui va r\u00e9pondre \u00e0 la r\u00e9clamation doit disposer d\u2019un niveau de qualification suffisant (elle doit avoir une bonne connaissance des produits, services, contrats,\u2026) et du niveau d\u2019habilitation n\u00e9cessaire (exemple : pour la signature des courriers ou les gestes commerciaux consentis).<\/p>\n\n\n\n<p>Nous devons mettre \u00e0 jour notre outil de suivi des r\u00e9clamations en indiquant la date et la r\u00e9ponse apport\u00e9e \u00e0 la r\u00e9clamation ainsi que les dysfonctionnements identifi\u00e9s.<\/p>\n\n\n\n<h2 class=\"wp-block-heading\">Performer notre pratique professionnelle<\/h2>\n\n\n\n<p>\u00c0 partir des r\u00e9clamations re\u00e7ues et des dysfonctionnements, manquements ou mauvaises pratiques identifi\u00e9s, nous devons d\u00e9terminer et mettre en \u0153uvre les actions correctives.<\/p>\n","protected":false},"excerpt":{"rendered":"<p>En cas de r\u00e9clamation, nous renseignons notre registre\u2026 R\u00e9ception d\u2019une r\u00e9clamation Lorsque nous recevons une r\u00e9clamation, nous devons renseigner notre registre des r\u00e9clamations en pr\u00e9cisant : le nom du client, la date de r\u00e9ception de la r\u00e9clamation, l\u2019objet de la r\u00e9clamation, le contrat, produit ou service vis\u00e9 par la r\u00e9clamation, les intervenants autres que le professionnel, les personnes vis\u00e9es par la r\u00e9clamation. Accuser r\u00e9ception de la r\u00e9clamation Nous disposons de 10 jours \u00e0 compter de la r\u00e9ception de la r\u00e9clamation&#8230;<\/p>\n<p class=\"read-more\"><a class=\"btn btn-default\" href=\"https:\/\/autoecoledorian.fr\/index.php\/plan-de-gestion-des-reclamations\/\">Lire la suite<span class=\"screen-reader-text\"> Lire la suite<\/span><\/a><\/p>\n","protected":false},"author":1,"featured_media":0,"parent":0,"menu_order":0,"comment_status":"closed","ping_status":"closed","template":"","meta":{"_acf_changed":false,"footnotes":""},"class_list":["post-2265","page","type-page","status-publish","hentry"],"acf":[],"jetpack_sharing_enabled":true,"_links":{"self":[{"href":"https:\/\/autoecoledorian.fr\/index.php\/wp-json\/wp\/v2\/pages\/2265","targetHints":{"allow":["GET"]}}],"collection":[{"href":"https:\/\/autoecoledorian.fr\/index.php\/wp-json\/wp\/v2\/pages"}],"about":[{"href":"https:\/\/autoecoledorian.fr\/index.php\/wp-json\/wp\/v2\/types\/page"}],"author":[{"embeddable":true,"href":"https:\/\/autoecoledorian.fr\/index.php\/wp-json\/wp\/v2\/users\/1"}],"replies":[{"embeddable":true,"href":"https:\/\/autoecoledorian.fr\/index.php\/wp-json\/wp\/v2\/comments?post=2265"}],"version-history":[{"count":1,"href":"https:\/\/autoecoledorian.fr\/index.php\/wp-json\/wp\/v2\/pages\/2265\/revisions"}],"predecessor-version":[{"id":2266,"href":"https:\/\/autoecoledorian.fr\/index.php\/wp-json\/wp\/v2\/pages\/2265\/revisions\/2266"}],"wp:attachment":[{"href":"https:\/\/autoecoledorian.fr\/index.php\/wp-json\/wp\/v2\/media?parent=2265"}],"curies":[{"name":"wp","href":"https:\/\/api.w.org\/{rel}","templated":true}]}}