{"id":940,"date":"2020-12-16T12:11:17","date_gmt":"2020-12-16T11:11:17","guid":{"rendered":"http:\/\/autoecoledorian.fr\/?page_id=940"},"modified":"2026-01-10T19:52:47","modified_gmt":"2026-01-10T18:52:47","slug":"formation-am-quadricycle","status":"publish","type":"page","link":"https:\/\/autoecoledorian.fr\/index.php\/formation-am-quadricycle\/","title":{"rendered":"Formation AM (BSR) Quadricycle Voiturette ( Citro\u00ebn AMI et AMI Buggy 100% ELECTRIC )"},"content":{"rendered":"<div class=\"wp-block-image\">\n<figure class=\"aligncenter size-full\"><img loading=\"lazy\" decoding=\"async\" width=\"235\" height=\"592\" src=\"https:\/\/autoecoledorian.fr\/wp-content\/uploads\/2025\/03\/Capture-decran-2025-03-26-105201.png\" alt=\"\" class=\"wp-image-2607\" srcset=\"https:\/\/autoecoledorian.fr\/wp-content\/uploads\/2025\/03\/Capture-decran-2025-03-26-105201.png 235w, https:\/\/autoecoledorian.fr\/wp-content\/uploads\/2025\/03\/Capture-decran-2025-03-26-105201-119x300.png 119w, https:\/\/autoecoledorian.fr\/wp-content\/uploads\/2025\/03\/Capture-decran-2025-03-26-105201-107x270.png 107w\" sizes=\"auto, (max-width: 235px) 100vw, 235px\" \/><\/figure>\n<\/div>\n\n\n<hr class=\"wp-block-separator has-alpha-channel-opacity\"\/>\n\n\n\n<figure class=\"wp-block-video\"><video height=\"1920\" style=\"aspect-ratio: 1080 \/ 1920;\" width=\"1080\" controls src=\"https:\/\/autoecoledorian.fr\/wp-content\/uploads\/2026\/01\/v24044gl0000d5f6nrvog65qcnsrj9cg.mp4\"><\/video><\/figure>\n\n\n\n<p class=\"has-text-align-center\"><strong>Exclusivit\u00e9 en France &#8211; La 1ere Citro\u00ebn AMI Buggy Auto-Ecole.<\/strong><\/p>\n\n\n\n<div class=\"wp-block-jetpack-slideshow aligncenter\" data-effect=\"slide\"><div class=\"wp-block-jetpack-slideshow_container swiper\"><ul class=\"wp-block-jetpack-slideshow_swiper-wrapper swiper-wrapper\"><li class=\"wp-block-jetpack-slideshow_slide swiper-slide\"><figure><img loading=\"lazy\" decoding=\"async\" width=\"768\" height=\"1024\" alt=\"\" class=\"wp-block-jetpack-slideshow_image wp-image-1992\" data-id=\"1992\" src=\"https:\/\/autoecoledorian.fr\/wp-content\/uploads\/2023\/12\/IMG_6046-1-768x1024.jpg\" srcset=\"https:\/\/autoecoledorian.fr\/wp-content\/uploads\/2023\/12\/IMG_6046-1-768x1024.jpg 768w, https:\/\/autoecoledorian.fr\/wp-content\/uploads\/2023\/12\/IMG_6046-1-225x300.jpg 225w, https:\/\/autoecoledorian.fr\/wp-content\/uploads\/2023\/12\/IMG_6046-1-1152x1536.jpg 1152w, https:\/\/autoecoledorian.fr\/wp-content\/uploads\/2023\/12\/IMG_6046-1-1536x2048.jpg 1536w, https:\/\/autoecoledorian.fr\/wp-content\/uploads\/2023\/12\/IMG_6046-1-203x270.jpg 203w, https:\/\/autoecoledorian.fr\/wp-content\/uploads\/2023\/12\/IMG_6046-1-scaled.jpg 1920w\" sizes=\"(max-width: 768px) 100vw, 768px\" \/><\/figure><\/li><li class=\"wp-block-jetpack-slideshow_slide swiper-slide\"><figure><img loading=\"lazy\" decoding=\"async\" width=\"768\" height=\"1024\" alt=\"\" class=\"wp-block-jetpack-slideshow_image wp-image-1993\" data-id=\"1993\" src=\"https:\/\/autoecoledorian.fr\/wp-content\/uploads\/2023\/12\/IMG_6051-1-768x1024.jpg\" srcset=\"https:\/\/autoecoledorian.fr\/wp-content\/uploads\/2023\/12\/IMG_6051-1-768x1024.jpg 768w, https:\/\/autoecoledorian.fr\/wp-content\/uploads\/2023\/12\/IMG_6051-1-225x300.jpg 225w, https:\/\/autoecoledorian.fr\/wp-content\/uploads\/2023\/12\/IMG_6051-1-1152x1536.jpg 1152w, https:\/\/autoecoledorian.fr\/wp-content\/uploads\/2023\/12\/IMG_6051-1-1536x2048.jpg 1536w, https:\/\/autoecoledorian.fr\/wp-content\/uploads\/2023\/12\/IMG_6051-1-203x270.jpg 203w, https:\/\/autoecoledorian.fr\/wp-content\/uploads\/2023\/12\/IMG_6051-1-scaled.jpg 1920w\" sizes=\"(max-width: 768px) 100vw, 768px\" \/><\/figure><\/li><li class=\"wp-block-jetpack-slideshow_slide swiper-slide\"><figure><img loading=\"lazy\" decoding=\"async\" width=\"819\" height=\"1024\" alt=\"\" class=\"wp-block-jetpack-slideshow_image wp-image-1994\" data-id=\"1994\" src=\"https:\/\/autoecoledorian.fr\/wp-content\/uploads\/2023\/12\/E9789D56-01A5-4ECA-83FE-C96D92B3AF33-1-819x1024.jpg\" srcset=\"https:\/\/autoecoledorian.fr\/wp-content\/uploads\/2023\/12\/E9789D56-01A5-4ECA-83FE-C96D92B3AF33-1-819x1024.jpg 819w, https:\/\/autoecoledorian.fr\/wp-content\/uploads\/2023\/12\/E9789D56-01A5-4ECA-83FE-C96D92B3AF33-1-240x300.jpg 240w, https:\/\/autoecoledorian.fr\/wp-content\/uploads\/2023\/12\/E9789D56-01A5-4ECA-83FE-C96D92B3AF33-1-768x960.jpg 768w, https:\/\/autoecoledorian.fr\/wp-content\/uploads\/2023\/12\/E9789D56-01A5-4ECA-83FE-C96D92B3AF33-1-1229x1536.jpg 1229w, https:\/\/autoecoledorian.fr\/wp-content\/uploads\/2023\/12\/E9789D56-01A5-4ECA-83FE-C96D92B3AF33-1-216x270.jpg 216w, https:\/\/autoecoledorian.fr\/wp-content\/uploads\/2023\/12\/E9789D56-01A5-4ECA-83FE-C96D92B3AF33-1.jpg 1440w\" sizes=\"(max-width: 819px) 100vw, 819px\" \/><\/figure><\/li><li class=\"wp-block-jetpack-slideshow_slide swiper-slide\"><figure><img loading=\"lazy\" decoding=\"async\" width=\"819\" height=\"1024\" alt=\"\" class=\"wp-block-jetpack-slideshow_image wp-image-1995\" data-id=\"1995\" src=\"https:\/\/autoecoledorian.fr\/wp-content\/uploads\/2023\/12\/089192C9-1E57-41DF-8CDD-C9A603F68431-1-819x1024.jpg\" srcset=\"https:\/\/autoecoledorian.fr\/wp-content\/uploads\/2023\/12\/089192C9-1E57-41DF-8CDD-C9A603F68431-1-819x1024.jpg 819w, https:\/\/autoecoledorian.fr\/wp-content\/uploads\/2023\/12\/089192C9-1E57-41DF-8CDD-C9A603F68431-1-240x300.jpg 240w, https:\/\/autoecoledorian.fr\/wp-content\/uploads\/2023\/12\/089192C9-1E57-41DF-8CDD-C9A603F68431-1-768x960.jpg 768w, https:\/\/autoecoledorian.fr\/wp-content\/uploads\/2023\/12\/089192C9-1E57-41DF-8CDD-C9A603F68431-1-1229x1536.jpg 1229w, https:\/\/autoecoledorian.fr\/wp-content\/uploads\/2023\/12\/089192C9-1E57-41DF-8CDD-C9A603F68431-1-216x270.jpg 216w, https:\/\/autoecoledorian.fr\/wp-content\/uploads\/2023\/12\/089192C9-1E57-41DF-8CDD-C9A603F68431-1.jpg 1440w\" sizes=\"(max-width: 819px) 100vw, 819px\" \/><\/figure><\/li><li class=\"wp-block-jetpack-slideshow_slide swiper-slide\"><figure><img loading=\"lazy\" decoding=\"async\" width=\"768\" height=\"1024\" alt=\"\" class=\"wp-block-jetpack-slideshow_image wp-image-1996\" data-id=\"1996\" src=\"https:\/\/autoecoledorian.fr\/wp-content\/uploads\/2023\/12\/IMG_6045-1-768x1024.jpg\" srcset=\"https:\/\/autoecoledorian.fr\/wp-content\/uploads\/2023\/12\/IMG_6045-1-768x1024.jpg 768w, https:\/\/autoecoledorian.fr\/wp-content\/uploads\/2023\/12\/IMG_6045-1-225x300.jpg 225w, https:\/\/autoecoledorian.fr\/wp-content\/uploads\/2023\/12\/IMG_6045-1-1152x1536.jpg 1152w, https:\/\/autoecoledorian.fr\/wp-content\/uploads\/2023\/12\/IMG_6045-1-1536x2048.jpg 1536w, https:\/\/autoecoledorian.fr\/wp-content\/uploads\/2023\/12\/IMG_6045-1-203x270.jpg 203w, https:\/\/autoecoledorian.fr\/wp-content\/uploads\/2023\/12\/IMG_6045-1-scaled.jpg 1920w\" sizes=\"(max-width: 768px) 100vw, 768px\" \/><\/figure><\/li><li class=\"wp-block-jetpack-slideshow_slide swiper-slide\"><figure><img loading=\"lazy\" decoding=\"async\" width=\"768\" height=\"1024\" alt=\"\" class=\"wp-block-jetpack-slideshow_image wp-image-1997\" data-id=\"1997\" src=\"https:\/\/autoecoledorian.fr\/wp-content\/uploads\/2023\/12\/IMG_6061-768x1024.jpg\" srcset=\"https:\/\/autoecoledorian.fr\/wp-content\/uploads\/2023\/12\/IMG_6061-768x1024.jpg 768w, https:\/\/autoecoledorian.fr\/wp-content\/uploads\/2023\/12\/IMG_6061-225x300.jpg 225w, https:\/\/autoecoledorian.fr\/wp-content\/uploads\/2023\/12\/IMG_6061-1152x1536.jpg 1152w, https:\/\/autoecoledorian.fr\/wp-content\/uploads\/2023\/12\/IMG_6061-1536x2048.jpg 1536w, https:\/\/autoecoledorian.fr\/wp-content\/uploads\/2023\/12\/IMG_6061-203x270.jpg 203w, https:\/\/autoecoledorian.fr\/wp-content\/uploads\/2023\/12\/IMG_6061-scaled.jpg 1920w\" sizes=\"(max-width: 768px) 100vw, 768px\" \/><\/figure><\/li><li class=\"wp-block-jetpack-slideshow_slide swiper-slide\"><figure><img loading=\"lazy\" decoding=\"async\" width=\"768\" height=\"1024\" alt=\"\" class=\"wp-block-jetpack-slideshow_image wp-image-1998\" data-id=\"1998\" src=\"https:\/\/autoecoledorian.fr\/wp-content\/uploads\/2023\/12\/IMG_6060-768x1024.jpg\" srcset=\"https:\/\/autoecoledorian.fr\/wp-content\/uploads\/2023\/12\/IMG_6060-768x1024.jpg 768w, https:\/\/autoecoledorian.fr\/wp-content\/uploads\/2023\/12\/IMG_6060-225x300.jpg 225w, https:\/\/autoecoledorian.fr\/wp-content\/uploads\/2023\/12\/IMG_6060-1152x1536.jpg 1152w, https:\/\/autoecoledorian.fr\/wp-content\/uploads\/2023\/12\/IMG_6060-1536x2048.jpg 1536w, https:\/\/autoecoledorian.fr\/wp-content\/uploads\/2023\/12\/IMG_6060-203x270.jpg 203w, https:\/\/autoecoledorian.fr\/wp-content\/uploads\/2023\/12\/IMG_6060-scaled.jpg 1920w\" sizes=\"(max-width: 768px) 100vw, 768px\" \/><\/figure><\/li><li class=\"wp-block-jetpack-slideshow_slide swiper-slide\"><figure><img loading=\"lazy\" decoding=\"async\" width=\"768\" height=\"1024\" alt=\"\" class=\"wp-block-jetpack-slideshow_image wp-image-1999\" data-id=\"1999\" src=\"https:\/\/autoecoledorian.fr\/wp-content\/uploads\/2023\/12\/IMG_6058-768x1024.jpg\" srcset=\"https:\/\/autoecoledorian.fr\/wp-content\/uploads\/2023\/12\/IMG_6058-768x1024.jpg 768w, https:\/\/autoecoledorian.fr\/wp-content\/uploads\/2023\/12\/IMG_6058-225x300.jpg 225w, https:\/\/autoecoledorian.fr\/wp-content\/uploads\/2023\/12\/IMG_6058-1152x1536.jpg 1152w, https:\/\/autoecoledorian.fr\/wp-content\/uploads\/2023\/12\/IMG_6058-1536x2048.jpg 1536w, https:\/\/autoecoledorian.fr\/wp-content\/uploads\/2023\/12\/IMG_6058-203x270.jpg 203w, https:\/\/autoecoledorian.fr\/wp-content\/uploads\/2023\/12\/IMG_6058-scaled.jpg 1920w\" sizes=\"(max-width: 768px) 100vw, 768px\" \/><\/figure><\/li><li class=\"wp-block-jetpack-slideshow_slide swiper-slide\"><figure><img loading=\"lazy\" decoding=\"async\" width=\"800\" height=\"605\" alt=\"\" class=\"wp-block-jetpack-slideshow_image wp-image-2000\" data-id=\"2000\" src=\"https:\/\/autoecoledorian.fr\/wp-content\/uploads\/2023\/12\/Citroen-My-Ami-Buggy-II_-8.jpeg\" srcset=\"https:\/\/autoecoledorian.fr\/wp-content\/uploads\/2023\/12\/Citroen-My-Ami-Buggy-II_-8.jpeg 800w, https:\/\/autoecoledorian.fr\/wp-content\/uploads\/2023\/12\/Citroen-My-Ami-Buggy-II_-8-300x227.jpeg 300w, https:\/\/autoecoledorian.fr\/wp-content\/uploads\/2023\/12\/Citroen-My-Ami-Buggy-II_-8-768x581.jpeg 768w, https:\/\/autoecoledorian.fr\/wp-content\/uploads\/2023\/12\/Citroen-My-Ami-Buggy-II_-8-357x270.jpeg 357w\" sizes=\"(max-width: 800px) 100vw, 800px\" \/><\/figure><\/li><\/ul><a class=\"wp-block-jetpack-slideshow_button-prev swiper-button-prev swiper-button-white\" role=\"button\"><\/a><a class=\"wp-block-jetpack-slideshow_button-next swiper-button-next swiper-button-white\" role=\"button\"><\/a><a aria-label=\"Pause Slideshow\" class=\"wp-block-jetpack-slideshow_button-pause\" role=\"button\"><\/a><div class=\"wp-block-jetpack-slideshow_pagination swiper-pagination swiper-pagination-white\"><\/div><\/div><\/div>\n\n\n\n<figure class=\"wp-block-gallery has-nested-images columns-default is-cropped wp-block-gallery-1 is-layout-flex wp-block-gallery-is-layout-flex\">\n<figure class=\"wp-block-image size-large\"><img loading=\"lazy\" decoding=\"async\" width=\"768\" height=\"1024\" data-id=\"1591\" src=\"https:\/\/autoecoledorian.fr\/wp-content\/uploads\/2023\/08\/image_50439169-768x1024.jpg\" alt=\"\" class=\"wp-image-1591\" srcset=\"https:\/\/autoecoledorian.fr\/wp-content\/uploads\/2023\/08\/image_50439169-768x1024.jpg 768w, https:\/\/autoecoledorian.fr\/wp-content\/uploads\/2023\/08\/image_50439169-scaled-600x800.jpg 600w, https:\/\/autoecoledorian.fr\/wp-content\/uploads\/2023\/08\/image_50439169-225x300.jpg 225w, https:\/\/autoecoledorian.fr\/wp-content\/uploads\/2023\/08\/image_50439169-1152x1536.jpg 1152w, https:\/\/autoecoledorian.fr\/wp-content\/uploads\/2023\/08\/image_50439169-1536x2048.jpg 1536w, https:\/\/autoecoledorian.fr\/wp-content\/uploads\/2023\/08\/image_50439169-203x270.jpg 203w, https:\/\/autoecoledorian.fr\/wp-content\/uploads\/2023\/08\/image_50439169-scaled.jpg 1920w\" sizes=\"auto, (max-width: 768px) 100vw, 768px\" \/><\/figure>\n\n\n\n<figure class=\"wp-block-image size-large\"><img loading=\"lazy\" decoding=\"async\" width=\"768\" height=\"1024\" data-id=\"1590\" src=\"https:\/\/autoecoledorian.fr\/wp-content\/uploads\/2023\/08\/image_50461441-768x1024.jpg\" alt=\"\" class=\"wp-image-1590\" srcset=\"https:\/\/autoecoledorian.fr\/wp-content\/uploads\/2023\/08\/image_50461441-768x1024.jpg 768w, https:\/\/autoecoledorian.fr\/wp-content\/uploads\/2023\/08\/image_50461441-scaled-600x800.jpg 600w, https:\/\/autoecoledorian.fr\/wp-content\/uploads\/2023\/08\/image_50461441-225x300.jpg 225w, https:\/\/autoecoledorian.fr\/wp-content\/uploads\/2023\/08\/image_50461441-1152x1536.jpg 1152w, https:\/\/autoecoledorian.fr\/wp-content\/uploads\/2023\/08\/image_50461441-1536x2048.jpg 1536w, https:\/\/autoecoledorian.fr\/wp-content\/uploads\/2023\/08\/image_50461441-203x270.jpg 203w, https:\/\/autoecoledorian.fr\/wp-content\/uploads\/2023\/08\/image_50461441-scaled.jpg 1920w\" sizes=\"auto, (max-width: 768px) 100vw, 768px\" \/><\/figure>\n<\/figure>\n\n\n\n<hr class=\"wp-block-separator has-css-opacity\"\/>\n\n\n\n<p>La <strong>formation Permis AM (BSR)<\/strong> est indispensable pour conduire un <strong>quadricycle l\u00e9ger<\/strong> (voiturette sans permis). Elle est obligatoire pour toutes les personnes n\u00e9es apr\u00e8s le 1er janvier 1988.<\/p>\n\n\n\n<h3 class=\"wp-block-heading\">Quand peut-on s&rsquo;inscrire ?<\/h3>\n\n\n\n<ul class=\"wp-block-list\">\n<li><strong>D\u00e8s 14 ans.<\/strong><\/li>\n<\/ul>\n\n\n\n<h3 class=\"wp-block-heading\">D\u00e9roulement de la formation Permis AM (BSR) :<\/h3>\n\n\n\n<p>La formation dure <strong><mark style=\"background-color:rgba(0, 0, 0, 0)\" class=\"has-inline-color has-vivid-cyan-blue-color\">8 heures<\/mark><\/strong>, r\u00e9parties sur au moins<mark style=\"background-color:rgba(0, 0, 0, 0)\" class=\"has-inline-color has-vivid-cyan-blue-color\"> <strong>2 demi-journ\u00e9es<\/strong><\/mark>, et comprend :<\/p>\n\n\n\n<h4 class=\"wp-block-heading\"><mark style=\"background-color:rgba(0, 0, 0, 0)\" class=\"has-inline-color has-vivid-cyan-blue-color\">1. <strong>Formation pratique hors circulation (3 heures)<\/strong><\/mark><\/h4>\n\n\n\n<ul class=\"wp-block-list\">\n<li>D\u00e9couverte des \u00e9quipements indispensables et de leur r\u00f4le.<\/li>\n\n\n\n<li>Apprentissage des principaux organes du v\u00e9hicule.<\/li>\n\n\n\n<li>R\u00e9alisation des contr\u00f4les essentiels pour assurer la s\u00e9curit\u00e9 et l\u2019entretien du quadricycle.<\/li>\n\n\n\n<li>Ma\u00eetrise des techniques de conduite hors circulation.<\/li>\n<\/ul>\n\n\n\n<h4 class=\"wp-block-heading\"><mark style=\"background-color:rgba(0, 0, 0, 0)\" class=\"has-inline-color has-vivid-cyan-blue-color\">2. <strong>Formation pratique en circulation (4 heures)<\/strong><\/mark><\/h4>\n\n\n\n<ul class=\"wp-block-list\">\n<li>D\u00e9marrage et immobilisation du quadricycle l\u00e9ger, en circulation ou hors circulation.<\/li>\n\n\n\n<li>Recherche et interpr\u00e9tation des indices utiles (signalisation, trajectoire, clignotants, interactions avec les usagers).<\/li>\n\n\n\n<li>Positionnement correct sur la chauss\u00e9e.<\/li>\n\n\n\n<li>Gestion des intersections et des changements de direction.<\/li>\n<\/ul>\n\n\n\n<h4 class=\"wp-block-heading\"><mark style=\"background-color:rgba(0, 0, 0, 0)\" class=\"has-inline-color has-vivid-cyan-blue-color\">3. <strong>Sensibilisation aux risques (1 heure)<\/strong><\/mark><\/h4>\n\n\n\n<p>Pour les mineurs, cette \u00e9tape se fait avec un repr\u00e9sentant l\u00e9gal :<\/p>\n\n\n\n<ul class=\"wp-block-list\">\n<li>Identification des risques sp\u00e9cifiques aux quadricycles l\u00e9gers.<\/li>\n\n\n\n<li>Analyse des cas d\u2019accidents fr\u00e9quents impliquant ce type de v\u00e9hicule.<\/li>\n<\/ul>\n\n\n\n<h3 class=\"wp-block-heading\">Nos v\u00e9hicules pour la formation :<\/h3>\n\n\n\n<p>Nous proposons des formations sur des mod\u00e8les \u00e9lectriques modernes, tels que la <strong><mark style=\"background-color:rgba(0, 0, 0, 0)\" class=\"has-inline-color has-luminous-vivid-orange-color\">Citro\u00ebn AMI<\/mark><\/strong> et l\u2019<strong><mark style=\"background-color:rgba(0, 0, 0, 0)\" class=\"has-inline-color has-vivid-green-cyan-color\">AMI Buggy<\/mark><\/strong> (disponible exclusivement \u00e0 Montargis, Ch\u00e2lette-sur-Loing, Villemandeur, et Amilly).<\/p>\n\n\n\n<h3 class=\"wp-block-heading\">V\u00e9hicules concern\u00e9s par le Permis AM (BSR) Quadricycle : <\/h3>\n\n\n\n<p>Ce permis permet de conduire tout type de voiturette sans permis de la cat\u00e9gorie <strong>L6e<\/strong>, notamment :<\/p>\n\n\n\n<ul class=\"wp-block-list\">\n<li><strong>Fiat Topolino<\/strong><\/li>\n\n\n\n<li><strong>Aixam<\/strong><\/li>\n\n\n\n<li><strong>Ligier<\/strong><\/li>\n\n\n\n<li><strong>Casalini<\/strong><\/li>\n\n\n\n<li><strong>Mega<\/strong><\/li>\n\n\n\n<li><strong>Bellier<\/strong><\/li>\n\n\n\n<li><strong>Microlino<\/strong><\/li>\n<\/ul>\n\n\n\n<h3 class=\"wp-block-heading\">R\u00e9glementation et sp\u00e9cificit\u00e9s des quadricycles l\u00e9gers :<\/h3>\n\n\n\n<p>Les voiturettes, con\u00e7ues pour transporter jusqu\u2019\u00e0 deux passagers, appartiennent \u00e0 la cat\u00e9gorie <strong>L6e<\/strong> d\u00e9finie par la directive europ\u00e9enne <strong>168\/2013<\/strong>. Ces v\u00e9hicules :<\/p>\n\n\n\n<ul class=\"wp-block-list\">\n<li>Sont limit\u00e9s \u00e0 une vitesse maximale de <strong><mark style=\"background-color:rgba(0, 0, 0, 0)\" class=\"has-inline-color has-vivid-cyan-blue-color\">45 km\/h<\/mark><\/strong>.<\/li>\n\n\n\n<li>R\u00e9pondent aux normes techniques pour assurer une conduite en toute s\u00e9curit\u00e9.<\/li>\n<\/ul>\n\n\n\n<p><strong>Inscrivez-vous d\u00e8s aujourd&rsquo;hui pour obtenir votre Permis AM et profiter d\u2019une mobilit\u00e9 s\u00e9curis\u00e9e et adapt\u00e9e<\/strong>.<\/p>\n\n\n\n<div class=\"wp-block-buttons is-content-justification-center is-layout-flex wp-container-core-buttons-is-layout-16018d1d wp-block-buttons-is-layout-flex\">\n<div class=\"wp-block-button\"><a class=\"wp-block-button__link wp-element-button\">Pr\u00e9-inscription ICI<\/a><\/div>\n<\/div>\n\n\n\n<div data-wp-interactive=\"core\/file\" class=\"wp-block-file\"><object data-wp-bind--hidden=\"!state.hasPdfPreview\" hidden class=\"wp-block-file__embed\" data=\"https:\/\/autoecoledorian.fr\/wp-content\/uploads\/2024\/07\/PROGRAMME-AM-1.pdf\" type=\"application\/pdf\" style=\"width:100%;height:600px\" aria-label=\"Contenu embarqu\u00e9 PROGRAMME-AM-1.\"><\/object><a id=\"wp-block-file--media-c0d21e84-6025-413b-8e3c-462d2f88cf03\" href=\"https:\/\/autoecoledorian.fr\/wp-content\/uploads\/2024\/07\/PROGRAMME-AM-1.pdf\">PROGRAMME-AM-1<\/a><a href=\"https:\/\/autoecoledorian.fr\/wp-content\/uploads\/2024\/07\/PROGRAMME-AM-1.pdf\" class=\"wp-block-file__button wp-element-button\" download aria-describedby=\"wp-block-file--media-c0d21e84-6025-413b-8e3c-462d2f88cf03\">T\u00e9l\u00e9charger<\/a><\/div>\n\n\n\n<hr class=\"wp-block-separator has-css-opacity\"\/>\n\n\n\n<p><strong>Les Auto-Ecole int\u00e9ress\u00e9es par une Citro\u00ebn AMI auto-\u00e9cole <a rel=\"noreferrer noopener\" href=\"http:\/\/autoecoledorian.fr\/index.php\/citroen-ami-auto-ecole\/\" target=\"_blank\">c&rsquo;est par ICI !!!<\/a><\/strong><\/p>\n\n\n\n<p class=\"has-text-align-center has-white-color has-cyan-bluish-gray-background-color has-text-color has-background has-large-font-size\"><strong>L&rsquo;auto-\u00e9cole Dorian est Ambassadeur Citro\u00ebn AMI<\/strong><\/p>\n\n\n\n<p class=\"has-text-align-center has-white-color has-cyan-bluish-gray-background-color has-text-color has-background\"><strong>Nous avons \u00e9t\u00e9 dans les premiers en France \u00e0 poss\u00e9der une AMI auto-\u00e9cole et Citro\u00ebn \u00e0 nous \u00e0 donn\u00e9 l&rsquo;opportunit\u00e9 d&rsquo;\u00eatre \u00ab\u00a0Ambassadeur Citro\u00ebn AMI\u00a0\u00bb . Si vous \u00eates int\u00e9ress\u00e9 par ce nouvel objet de mobilit\u00e9, nous pouvons vous la faire essayer gratuitement et si vous d\u00e9sirez l&rsquo;acqu\u00e9rir, vous aurez un cadeau!!! <\/strong><\/p>\n\n\n<div class=\"wp-block-image\">\n<figure class=\"aligncenter size-medium\"><img loading=\"lazy\" decoding=\"async\" width=\"300\" height=\"300\" src=\"http:\/\/autoecoledorian.fr\/wp-content\/uploads\/2021\/11\/SuperFan_Map-1-300x300.png\" alt=\"\" class=\"wp-image-1077\" srcset=\"https:\/\/autoecoledorian.fr\/wp-content\/uploads\/2021\/11\/SuperFan_Map-1-300x300.png 300w, https:\/\/autoecoledorian.fr\/wp-content\/uploads\/2021\/11\/SuperFan_Map-1-100x100.png 100w, https:\/\/autoecoledorian.fr\/wp-content\/uploads\/2021\/11\/SuperFan_Map-1-600x598.png 600w, https:\/\/autoecoledorian.fr\/wp-content\/uploads\/2021\/11\/SuperFan_Map-1-1024x1021.png 1024w, https:\/\/autoecoledorian.fr\/wp-content\/uploads\/2021\/11\/SuperFan_Map-1-150x150.png 150w, https:\/\/autoecoledorian.fr\/wp-content\/uploads\/2021\/11\/SuperFan_Map-1-768x766.png 768w, https:\/\/autoecoledorian.fr\/wp-content\/uploads\/2021\/11\/SuperFan_Map-1-271x270.png 271w, https:\/\/autoecoledorian.fr\/wp-content\/uploads\/2021\/11\/SuperFan_Map-1.png 1288w\" sizes=\"auto, (max-width: 300px) 100vw, 300px\" \/><\/figure>\n<\/div>\n\n\n<div class=\"wp-block-buttons is-content-justification-center is-layout-flex wp-container-core-buttons-is-layout-16018d1d wp-block-buttons-is-layout-flex\">\n<div class=\"wp-block-button is-style-fill\"><a class=\"wp-block-button__link has-text-align-center wp-element-button\" href=\"https:\/\/lp.demooz.com\/citroen\/ambassadeur-ami\">CLIQUEZ ICI pour r\u00e9server votre essai Citro\u00ebn AMI<\/a><\/div>\n<\/div>\n\n\n\n<hr class=\"wp-block-separator has-css-opacity\"\/>\n\n\n\n<figure class=\"wp-block-gallery has-nested-images columns-default is-cropped wp-block-gallery-2 is-layout-flex wp-block-gallery-is-layout-flex\">\n<figure class=\"wp-block-image size-full\"><img loading=\"lazy\" decoding=\"async\" width=\"984\" height=\"2048\" data-id=\"959\" src=\"http:\/\/autoecoledorian.fr\/wp-content\/uploads\/2021\/01\/139654316_169647241590775_7804779703459942170_n.jpg\" alt=\"\" class=\"wp-image-959\" srcset=\"https:\/\/autoecoledorian.fr\/wp-content\/uploads\/2021\/01\/139654316_169647241590775_7804779703459942170_n.jpg 984w, https:\/\/autoecoledorian.fr\/wp-content\/uploads\/2021\/01\/139654316_169647241590775_7804779703459942170_n-600x1249.jpg 600w, https:\/\/autoecoledorian.fr\/wp-content\/uploads\/2021\/01\/139654316_169647241590775_7804779703459942170_n-144x300.jpg 144w, https:\/\/autoecoledorian.fr\/wp-content\/uploads\/2021\/01\/139654316_169647241590775_7804779703459942170_n-492x1024.jpg 492w, https:\/\/autoecoledorian.fr\/wp-content\/uploads\/2021\/01\/139654316_169647241590775_7804779703459942170_n-768x1598.jpg 768w, https:\/\/autoecoledorian.fr\/wp-content\/uploads\/2021\/01\/139654316_169647241590775_7804779703459942170_n-738x1536.jpg 738w, https:\/\/autoecoledorian.fr\/wp-content\/uploads\/2021\/01\/139654316_169647241590775_7804779703459942170_n-130x270.jpg 130w\" sizes=\"auto, (max-width: 984px) 100vw, 984px\" \/><figcaption class=\"wp-element-caption\">Citro\u00ebn AMI auto-\u00e9cole ELECTRIC  doubles Commandes<\/figcaption><\/figure>\n<\/figure>\n\n\n\n<hr class=\"wp-block-separator has-alpha-channel-opacity\"\/>\n\n\n\n<p><\/p>\n","protected":false},"excerpt":{"rendered":"<p>Exclusivit\u00e9 en France &#8211; La 1ere Citro\u00ebn AMI Buggy Auto-Ecole. La formation Permis AM (BSR) est indispensable pour conduire un quadricycle l\u00e9ger (voiturette sans permis). Elle est obligatoire pour toutes les personnes n\u00e9es apr\u00e8s le 1er janvier 1988. Quand peut-on s&rsquo;inscrire ? D\u00e9roulement de la formation Permis AM (BSR) : La formation dure 8 heures, r\u00e9parties sur au moins 2 demi-journ\u00e9es, et comprend : 1. Formation pratique hors circulation (3 heures) 2. Formation pratique en circulation (4 heures) 3. Sensibilisation&#8230;<\/p>\n<p class=\"read-more\"><a class=\"btn btn-default\" href=\"https:\/\/autoecoledorian.fr\/index.php\/formation-am-quadricycle\/\">Lire la suite<span class=\"screen-reader-text\"> Lire la suite<\/span><\/a><\/p>\n","protected":false},"author":1,"featured_media":0,"parent":0,"menu_order":0,"comment_status":"closed","ping_status":"closed","template":"","meta":{"_acf_changed":false,"footnotes":""},"class_list":["post-940","page","type-page","status-publish","hentry"],"acf":[],"jetpack_sharing_enabled":true,"_links":{"self":[{"href":"https:\/\/autoecoledorian.fr\/index.php\/wp-json\/wp\/v2\/pages\/940","targetHints":{"allow":["GET"]}}],"collection":[{"href":"https:\/\/autoecoledorian.fr\/index.php\/wp-json\/wp\/v2\/pages"}],"about":[{"href":"https:\/\/autoecoledorian.fr\/index.php\/wp-json\/wp\/v2\/types\/page"}],"author":[{"embeddable":true,"href":"https:\/\/autoecoledorian.fr\/index.php\/wp-json\/wp\/v2\/users\/1"}],"replies":[{"embeddable":true,"href":"https:\/\/autoecoledorian.fr\/index.php\/wp-json\/wp\/v2\/comments?post=940"}],"version-history":[{"count":44,"href":"https:\/\/autoecoledorian.fr\/index.php\/wp-json\/wp\/v2\/pages\/940\/revisions"}],"predecessor-version":[{"id":2934,"href":"https:\/\/autoecoledorian.fr\/index.php\/wp-json\/wp\/v2\/pages\/940\/revisions\/2934"}],"wp:attachment":[{"href":"https:\/\/autoecoledorian.fr\/index.php\/wp-json\/wp\/v2\/media?parent=940"}],"curies":[{"name":"wp","href":"https:\/\/api.w.org\/{rel}","templated":true}]}}